{"id":323,"date":"2020-02-10T06:17:00","date_gmt":"2020-02-10T06:17:00","guid":{"rendered":"http:\/\/feuerwehrlage.com\/?post_type=einsatz&#038;p=323"},"modified":"2020-02-27T07:48:25","modified_gmt":"2020-02-27T07:48:25","slug":"baum-droht-zu-stuerzen","status":"publish","type":"einsatz","link":"https:\/\/feuerwehrlage.com\/?einsatz=baum-droht-zu-stuerzen","title":{"rendered":"Baum droht zu st\u00fcrzen"},"content":{"rendered":"\n<p>Heute Morgen um kurz nach 6 Uhr ereignete sich dann\n auf der Neuenhauser Stra\u00dfe ein leichter Verkehrsunfall, bei dem ein PKW\n auf einen umgest\u00fcrzten Baum auffuhr. Der Polizei, die aufgrund des \nUnfalls anr\u00fcckte, fiel bei der Aufnahme des Unfalls ein gr\u00f6\u00dferer Ast an \neinem weiteren Baum auf, der auf die Fahrbahn zu st\u00fcrzen drohte. Man \nalarmierte uns, um den Ast entfernen zu lassen. Dies war relativ schnell\n erledigt. Der Baum auf der gegen\u00fcberliegenden Seite, auf den der PKW \naufgefahren war, wurde weiter in den Seitenraum geschoben und klein \nges\u00e4gt. W\u00e4hrend der Aufr\u00e4umarbeiten war die Stra\u00dfe voll gesperrt. Nach \nca. 45 Minuten waren die Gefahren an der Einsatzstelle gebannt und wir \nkonnten ins Feuerwehrhaus zur\u00fcckkehren.<\/p>\n\n\n\n<p>Insgesamt waren wir mit 2 Fahrzeugen und 9 Einsatzkr\u00e4ften an der Einsatzstelle.<\/p>\n\n\n\n<div class=\"wp-block-image is-style-default\"><figure class=\"aligncenter size-large is-resized\"><img loading=\"lazy\" decoding=\"async\" src=\"https:\/\/feuerwehrlage.com\/wp-content\/uploads\/2020\/02\/IMG-20200210-WA0005-768x1024.jpg\" alt=\"\" class=\"wp-image-324\" width=\"321\" height=\"428\" srcset=\"https:\/\/feuerwehrlage.com\/wp-content\/uploads\/2020\/02\/IMG-20200210-WA0005-768x1024.jpg 768w, https:\/\/feuerwehrlage.com\/wp-content\/uploads\/2020\/02\/IMG-20200210-WA0005-225x300.jpg 225w, https:\/\/feuerwehrlage.com\/wp-content\/uploads\/2020\/02\/IMG-20200210-WA0005-1152x1536.jpg 1152w, https:\/\/feuerwehrlage.com\/wp-content\/uploads\/2020\/02\/IMG-20200210-WA0005-1024x1365.jpg 1024w, https:\/\/feuerwehrlage.com\/wp-content\/uploads\/2020\/02\/IMG-20200210-WA0005-810x1080.jpg 810w, https:\/\/feuerwehrlage.com\/wp-content\/uploads\/2020\/02\/IMG-20200210-WA0005.jpg 1200w\" sizes=\"auto, (max-width: 321px) 100vw, 321px\" \/><\/figure><\/div>\n\n\n\n<div class=\"wp-block-image is-style-default\"><figure class=\"aligncenter size-large is-resized\"><img loading=\"lazy\" decoding=\"async\" src=\"https:\/\/feuerwehrlage.com\/wp-content\/uploads\/2020\/02\/IMG-20200210-WA0006-768x1024.jpg\" alt=\"\" class=\"wp-image-325\" width=\"321\" height=\"426\"\/><\/figure><\/div>\n\n\n\n<div class=\"wp-block-image is-style-default\"><figure class=\"aligncenter size-large is-resized\"><img loading=\"lazy\" decoding=\"async\" src=\"https:\/\/feuerwehrlage.com\/wp-content\/uploads\/2020\/02\/thumbnail_IMG_20200210_065400-1024x768.jpg\" alt=\"\" class=\"wp-image-326\" width=\"429\" height=\"322\" srcset=\"https:\/\/feuerwehrlage.com\/wp-content\/uploads\/2020\/02\/thumbnail_IMG_20200210_065400-1024x768.jpg 1024w, https:\/\/feuerwehrlage.com\/wp-content\/uploads\/2020\/02\/thumbnail_IMG_20200210_065400-300x225.jpg 300w, https:\/\/feuerwehrlage.com\/wp-content\/uploads\/2020\/02\/thumbnail_IMG_20200210_065400-768x576.jpg 768w, https:\/\/feuerwehrlage.com\/wp-content\/uploads\/2020\/02\/thumbnail_IMG_20200210_065400.jpg 1280w\" sizes=\"auto, (max-width: 429px) 100vw, 429px\" \/><\/figure><\/div>\n\n\n\n<div class=\"wp-block-image is-style-default\"><figure class=\"aligncenter size-large is-resized\"><img loading=\"lazy\" decoding=\"async\" src=\"https:\/\/feuerwehrlage.com\/wp-content\/uploads\/2020\/02\/thumbnail_IMG_20200210_065408-1024x768.jpg\" alt=\"\" class=\"wp-image-327\" width=\"429\" height=\"321\" srcset=\"https:\/\/feuerwehrlage.com\/wp-content\/uploads\/2020\/02\/thumbnail_IMG_20200210_065408-1024x768.jpg 1024w, https:\/\/feuerwehrlage.com\/wp-content\/uploads\/2020\/02\/thumbnail_IMG_20200210_065408-300x225.jpg 300w, https:\/\/feuerwehrlage.com\/wp-content\/uploads\/2020\/02\/thumbnail_IMG_20200210_065408-768x576.jpg 768w, https:\/\/feuerwehrlage.com\/wp-content\/uploads\/2020\/02\/thumbnail_IMG_20200210_065408.jpg 1280w\" sizes=\"auto, (max-width: 429px) 100vw, 429px\" \/><\/figure><\/div>\n","protected":false},"author":1,"featured_media":0,"template":"","meta":{"einsatz_weight":1,"footnotes":""},"categories":[7],"einsatzart":[],"fahrzeug":[5,4],"exteinsatzmittel":[9],"alarmierungsart":[8],"evw_unit":[],"class_list":["post-323","einsatz","type-einsatz","status-publish","hentry","category-einsatze","fahrzeug-mtw","fahrzeug-stlf10-6","exteinsatzmittel-polizei","alarmierungsart-h1-unwetter-klein"],"_links":{"self":[{"href":"https:\/\/feuerwehrlage.com\/index.php?rest_route=\/wp\/v2\/einsatz\/323","targetHints":{"allow":["GET"]}}],"collection":[{"href":"https:\/\/feuerwehrlage.com\/index.php?rest_route=\/wp\/v2\/einsatz"}],"about":[{"href":"https:\/\/feuerwehrlage.com\/index.php?rest_route=\/wp\/v2\/types\/einsatz"}],"author":[{"embeddable":true,"href":"https:\/\/feuerwehrlage.com\/index.php?rest_route=\/wp\/v2\/users\/1"}],"version-history":[{"count":1,"href":"https:\/\/feuerwehrlage.com\/index.php?rest_route=\/wp\/v2\/einsatz\/323\/revisions"}],"predecessor-version":[{"id":328,"href":"https:\/\/feuerwehrlage.com\/index.php?rest_route=\/wp\/v2\/einsatz\/323\/revisions\/328"}],"wp:attachment":[{"href":"https:\/\/feuerwehrlage.com\/index.php?rest_route=%2Fwp%2Fv2%2Fmedia&parent=323"}],"wp:term":[{"taxonomy":"category","embeddable":true,"href":"https:\/\/feuerwehrlage.com\/index.php?rest_route=%2Fwp%2Fv2%2Fcategories&post=323"},{"taxonomy":"einsatzart","embeddable":true,"href":"https:\/\/feuerwehrlage.com\/index.php?rest_route=%2Fwp%2Fv2%2Feinsatzart&post=323"},{"taxonomy":"fahrzeug","embeddable":true,"href":"https:\/\/feuerwehrlage.com\/index.php?rest_route=%2Fwp%2Fv2%2Ffahrzeug&post=323"},{"taxonomy":"exteinsatzmittel","embeddable":true,"href":"https:\/\/feuerwehrlage.com\/index.php?rest_route=%2Fwp%2Fv2%2Fexteinsatzmittel&post=323"},{"taxonomy":"alarmierungsart","embeddable":true,"href":"https:\/\/feuerwehrlage.com\/index.php?rest_route=%2Fwp%2Fv2%2Falarmierungsart&post=323"},{"taxonomy":"evw_unit","embeddable":true,"href":"https:\/\/feuerwehrlage.com\/index.php?rest_route=%2Fwp%2Fv2%2Fevw_unit&post=323"}],"curies":[{"name":"wp","href":"https:\/\/api.w.org\/{rel}","templated":true}]}}